{"id":2275,"date":"2019-11-12T18:41:00","date_gmt":"2019-11-12T18:41:00","guid":{"rendered":"https:\/\/calafellslide.jurogaproyectosdigitales.com\/donde-estamos\/"},"modified":"2026-08-03T10:46:18","modified_gmt":"2026-08-03T10:46:18","slug":"ou-sommes-nous","status":"publish","type":"page","link":"https:\/\/calafellslide.com\/fr\/ou-sommes-nous\/","title":{"rendered":"O\u00f9 sommes-nous"},"content":{"rendered":"\n<div class=\"et_pb_section_0 et_pb_section et_section_regular et_block_section et_animated section_has_divider et_pb_bottom_divider\"><div class=\"et_pb_row_0 et_pb_row et_block_row\"><div class=\"et_pb_column_0 et_pb_column et_pb_column_4_4 et-last-child et_block_column et_pb_css_mix_blend_mode_passthrough\"><div class=\"et_pb_post_title_0 et_pb_post_title et_pb_bg_layout_dark et_animated et_pb_module et_block_module\"><div class=\"et_pb_title_container\"><h1 class=\"entry-title\">O\u00f9 sommes-nous<\/h1><\/div><\/div><\/div><\/div><div class=\"et_pb_bottom_inside_divider et-no-transition\"><\/div><\/div><div class=\"et_pb_section_1 et_pb_section et_section_regular et_block_section section_has_divider et_pb_bottom_divider\"><div class=\"et_pb_row_1 et_pb_row et_block_row\"><div class=\"et_pb_column_1 et_pb_column et_pb_column_4_4 et-last-child et_block_column et_pb_css_mix_blend_mode_passthrough\"><div class=\"et_pb_text_0 et_pb_text et_pb_bg_layout_light et_pb_module et_block_module\"><div class=\"et_pb_text_inner\"><blockquote>\n<h3><strong>Nous sommes en face de la vieille ville de Calafell, \u00e0 c\u00f4t\u00e9 de la route Bellvei, sur le Cami de Ca La Manela.<\/strong><br \/><strong>Utilisez Google Maps ou AppleMaps. Ils vous emm\u00e8neront directement \u00e0 notre porte ! Voici nos coordonn\u00e9es GPS au cas o\u00f9 : 41.198913, 1.577228<\/strong><\/h3>\n<\/blockquote>\n<p><strong>Il n'y a pas de transport en commun.<\/strong><\/p>\n<p><strong>Il est \u00e0 25 minutes \u00e0 pied de la gare \u00e0 pied.<\/strong><\/p>\n<p><strong>Le stationnement est gratuit.<\/strong><\/p>\n<p>Trouvez le rond-point de la Croix-Rouge \u00e0 Calafell, au-dessus de la gare. C'est indiqu\u00e9 l\u00e0. Mieux vaut utiliser Google Maps, TomTom, Garmin ou AppleMaps. Ils vous conduiront directement \u00e0 notre porte! Voici nos coordonn\u00e9es GPS au cas o\u00f9 : 41.198913, 1.577228<br \/><span style=\"font-weight: 400;\"><\/span><\/p>\n<\/div><\/div><\/div><\/div><div class=\"et_pb_row_2 et_pb_row et_block_row\"><div class=\"et_pb_column_2 et_pb_column et_pb_column_4_4 et-last-child et_block_column et_pb_css_mix_blend_mode_passthrough\"><div class=\"et_pb_code_0 et_pb_code et_pb_module\"><div class=\"et_pb_code_inner\"><iframe loading=\"lazy\" src=\"https:\/\/www.google.com\/maps\/embed?pb=!1m18!1m12!1m3!1d375.25981608406835!2d1.5747158150928071!3d41.1982614941508!2m3!1f0!2f0!3f0!3m2!1i1024!2i768!4f13.1!3m3!1m2!1s0x12a38b8d8299fe6f%3A0xfa96c435ba8d7279!2sCalafell%20Slide!5e0!3m2!1ses!2ses!4v1574261772236!5m2!1ses!2ses\" width=\"100%\" height=\"450\" frameborder=\"0\" style=\"border:0;\" allowfullscreen=\"\"><\/iframe><\/div><\/div><\/div><\/div><div class=\"et_pb_bottom_inside_divider et-no-transition\"><\/div><\/div>\n<span class=\"et_bloom_bottom_trigger\"><\/span>","protected":false},"excerpt":{"rendered":"","protected":false},"author":8,"featured_media":7679,"parent":0,"menu_order":8,"comment_status":"closed","ping_status":"closed","template":"","meta":{"_et_pb_use_builder":"on","_et_pb_old_content":"<!-- wp:divi\/placeholder \/-->","_et_gb_content_width":"","footnotes":""},"class_list":["post-2275","page","type-page","status-publish","has-post-thumbnail","hentry"],"yoast_head":"<!-- This site is optimized with the Yoast SEO plugin v28.4 - https:\/\/yoast.com\/product\/yoast-seo-wordpress\/ -->\n<title>Ou Sommes Nous | Calafell Slide<\/title>\n<meta name=\"description\" content=\"Retrouvez-nous dans la partie haute de Calafell, juste \u00e0 l&#039;entr\u00e9e, sur la colline devant l&#039;ancien Ch\u00e2teau.\" \/>\n<meta name=\"robots\" content=\"index, follow, max-snippet:-1, max-image-preview:large, max-video-preview:-1\" \/>\n<link rel=\"canonical\" href=\"https:\/\/calafellslide.com\/fr\/ou-sommes-nous\/\" \/>\n<meta property=\"og:locale\" content=\"fr_FR\" \/>\n<meta property=\"og:type\" content=\"article\" \/>\n<meta property=\"og:title\" content=\"D\u00f3nde Estamos | Calafell Slide\" \/>\n<meta property=\"og:description\" content=\"Estamos en frente del casco antiguo de Calafell, al lado de la carretera Bellvei, en el Mas Cami d\u2019en Vives. Encontrar la rotonda de la Cruz Roja en Calafell, arriba de la estaci\u00f3n de tren.\" \/>\n<meta property=\"og:url\" content=\"https:\/\/calafellslide.com\/fr\/ou-sommes-nous\/\" \/>\n<meta property=\"og:site_name\" content=\"Calafell Slide\" \/>\n<meta property=\"article:publisher\" content=\"https:\/\/www.facebook.com\/CalafellSlide\/\" \/>\n<meta property=\"article:modified_time\" content=\"2026-08-03T10:46:18+00:00\" \/>\n<meta property=\"og:image\" content=\"https:\/\/calafellslide.com\/wp-content\/uploads\/2019\/11\/Calafell-Calafell-Slide-1280x720-op-1280x720.jpg\" \/>\n\t<meta property=\"og:image:width\" content=\"1280\" \/>\n\t<meta property=\"og:image:height\" content=\"720\" \/>\n\t<meta property=\"og:image:type\" content=\"image\/jpeg\" \/>\n<meta name=\"twitter:card\" content=\"summary_large_image\" \/>\n<meta name=\"twitter:title\" content=\"D\u00f3nde Estamos | Calafell Slide\" \/>\n<meta name=\"twitter:description\" content=\"Estamos en frente del casco antiguo de Calafell, al lado de la carretera Bellvei, en el Mas Cami d\u2019en Vives. Encontrar la rotonda de la Cruz Roja en Calafell, arriba de la estaci\u00f3n de tren.\" \/>\n<meta name=\"twitter:image\" content=\"https:\/\/calafellslide.com\/wp-content\/uploads\/2019\/11\/Calafell-Calafell-Slide-1280x720-op-1280x720.jpg\" \/>\n<script type=\"application\/ld+json\" class=\"yoast-schema-graph\">{\"@context\":\"https:\\\/\\\/schema.org\",\"@graph\":[{\"@type\":\"WebPage\",\"@id\":\"https:\\\/\\\/calafellslide.com\\\/fr\\\/ou-sommes-nous\\\/\",\"url\":\"https:\\\/\\\/calafellslide.com\\\/fr\\\/ou-sommes-nous\\\/\",\"name\":\"Ou Sommes Nous | Calafell Slide\",\"isPartOf\":{\"@id\":\"https:\\\/\\\/calafellslide.com\\\/fr\\\/#website\"},\"primaryImageOfPage\":{\"@id\":\"https:\\\/\\\/calafellslide.com\\\/fr\\\/ou-sommes-nous\\\/#primaryimage\"},\"image\":{\"@id\":\"https:\\\/\\\/calafellslide.com\\\/fr\\\/ou-sommes-nous\\\/#primaryimage\"},\"thumbnailUrl\":\"https:\\\/\\\/calafellslide.com\\\/wp-content\\\/uploads\\\/2024\\\/07\\\/CALAFELL-SLIDE-22_resize-scaled-e1720201988989.jpg\",\"datePublished\":\"2019-11-12T18:41:00+00:00\",\"dateModified\":\"2026-08-03T10:46:18+00:00\",\"description\":\"Retrouvez-nous dans la partie haute de Calafell, juste \u00e0 l'entr\u00e9e, sur la colline devant l'ancien Ch\u00e2teau.\",\"breadcrumb\":{\"@id\":\"https:\\\/\\\/calafellslide.com\\\/fr\\\/ou-sommes-nous\\\/#breadcrumb\"},\"inLanguage\":\"fr-FR\",\"potentialAction\":[{\"@type\":\"ReadAction\",\"target\":[\"https:\\\/\\\/calafellslide.com\\\/fr\\\/ou-sommes-nous\\\/\"]}]},{\"@type\":\"ImageObject\",\"inLanguage\":\"fr-FR\",\"@id\":\"https:\\\/\\\/calafellslide.com\\\/fr\\\/ou-sommes-nous\\\/#primaryimage\",\"url\":\"https:\\\/\\\/calafellslide.com\\\/wp-content\\\/uploads\\\/2024\\\/07\\\/CALAFELL-SLIDE-22_resize-scaled-e1720201988989.jpg\",\"contentUrl\":\"https:\\\/\\\/calafellslide.com\\\/wp-content\\\/uploads\\\/2024\\\/07\\\/CALAFELL-SLIDE-22_resize-scaled-e1720201988989.jpg\",\"width\":800,\"height\":534,\"caption\":\"Photo Calafell Slide\"},{\"@type\":\"BreadcrumbList\",\"@id\":\"https:\\\/\\\/calafellslide.com\\\/fr\\\/ou-sommes-nous\\\/#breadcrumb\",\"itemListElement\":[{\"@type\":\"ListItem\",\"position\":1,\"name\":\"HOME\",\"item\":\"https:\\\/\\\/calafellslide.com\\\/fr\\\/\"},{\"@type\":\"ListItem\",\"position\":2,\"name\":\"O\u00f9 sommes-nous\"}]},{\"@type\":\"WebSite\",\"@id\":\"https:\\\/\\\/calafellslide.com\\\/fr\\\/#website\",\"url\":\"https:\\\/\\\/calafellslide.com\\\/fr\\\/\",\"name\":\"Calafell Slide\",\"description\":\"Parque de atracciones en Calafell (Tarragona)\",\"publisher\":{\"@id\":\"https:\\\/\\\/calafellslide.com\\\/fr\\\/#organization\"},\"potentialAction\":[{\"@type\":\"SearchAction\",\"target\":{\"@type\":\"EntryPoint\",\"urlTemplate\":\"https:\\\/\\\/calafellslide.com\\\/fr\\\/?s={search_term_string}\"},\"query-input\":{\"@type\":\"PropertyValueSpecification\",\"valueRequired\":true,\"valueName\":\"search_term_string\"}}],\"inLanguage\":\"fr-FR\"},{\"@type\":\"Organization\",\"@id\":\"https:\\\/\\\/calafellslide.com\\\/fr\\\/#organization\",\"name\":\"Calafell Slide\",\"url\":\"https:\\\/\\\/calafellslide.com\\\/fr\\\/\",\"logo\":{\"@type\":\"ImageObject\",\"inLanguage\":\"fr-FR\",\"@id\":\"https:\\\/\\\/calafellslide.com\\\/fr\\\/#\\\/schema\\\/logo\\\/image\\\/\",\"url\":\"https:\\\/\\\/calafellslide.com\\\/wp-content\\\/uploads\\\/2022\\\/10\\\/logo-calafell-slide-200.jpg\",\"contentUrl\":\"https:\\\/\\\/calafellslide.com\\\/wp-content\\\/uploads\\\/2022\\\/10\\\/logo-calafell-slide-200.jpg\",\"width\":200,\"height\":200,\"caption\":\"Calafell Slide\"},\"image\":{\"@id\":\"https:\\\/\\\/calafellslide.com\\\/fr\\\/#\\\/schema\\\/logo\\\/image\\\/\"},\"sameAs\":[\"https:\\\/\\\/www.facebook.com\\\/CalafellSlide\\\/\",\"https:\\\/\\\/www.instagram.com\\\/CalafellSlide\\\/\"]}]}<\/script>\n<!-- \/ Yoast SEO plugin. -->","yoast_head_json":{"title":"Ou Sommes Nous | Calafell Slide","description":"Retrouvez-nous dans la partie haute de Calafell, juste \u00e0 l'entr\u00e9e, sur la colline devant l'ancien Ch\u00e2teau.","robots":{"index":"index","follow":"follow","max-snippet":"max-snippet:-1","max-image-preview":"max-image-preview:large","max-video-preview":"max-video-preview:-1"},"canonical":"https:\/\/calafellslide.com\/fr\/ou-sommes-nous\/","og_locale":"fr_FR","og_type":"article","og_title":"D\u00f3nde Estamos | Calafell Slide","og_description":"Estamos en frente del casco antiguo de Calafell, al lado de la carretera Bellvei, en el Mas Cami d\u2019en Vives. Encontrar la rotonda de la Cruz Roja en Calafell, arriba de la estaci\u00f3n de tren.","og_url":"https:\/\/calafellslide.com\/fr\/ou-sommes-nous\/","og_site_name":"Calafell Slide","article_publisher":"https:\/\/www.facebook.com\/CalafellSlide\/","article_modified_time":"2026-08-03T10:46:18+00:00","og_image":[{"width":1280,"height":720,"url":"https:\/\/calafellslide.com\/wp-content\/uploads\/2019\/11\/Calafell-Calafell-Slide-1280x720-op-1280x720.jpg","type":"image\/jpeg"}],"twitter_card":"summary_large_image","twitter_title":"D\u00f3nde Estamos | Calafell Slide","twitter_description":"Estamos en frente del casco antiguo de Calafell, al lado de la carretera Bellvei, en el Mas Cami d\u2019en Vives. Encontrar la rotonda de la Cruz Roja en Calafell, arriba de la estaci\u00f3n de tren.","twitter_image":"https:\/\/calafellslide.com\/wp-content\/uploads\/2019\/11\/Calafell-Calafell-Slide-1280x720-op-1280x720.jpg","schema":{"@context":"https:\/\/schema.org","@graph":[{"@type":"WebPage","@id":"https:\/\/calafellslide.com\/fr\/ou-sommes-nous\/","url":"https:\/\/calafellslide.com\/fr\/ou-sommes-nous\/","name":"Ou Sommes Nous | Calafell Slide","isPartOf":{"@id":"https:\/\/calafellslide.com\/fr\/#website"},"primaryImageOfPage":{"@id":"https:\/\/calafellslide.com\/fr\/ou-sommes-nous\/#primaryimage"},"image":{"@id":"https:\/\/calafellslide.com\/fr\/ou-sommes-nous\/#primaryimage"},"thumbnailUrl":"https:\/\/calafellslide.com\/wp-content\/uploads\/2024\/07\/CALAFELL-SLIDE-22_resize-scaled-e1720201988989.jpg","datePublished":"2019-11-12T18:41:00+00:00","dateModified":"2026-08-03T10:46:18+00:00","description":"Retrouvez-nous dans la partie haute de Calafell, juste \u00e0 l'entr\u00e9e, sur la colline devant l'ancien Ch\u00e2teau.","breadcrumb":{"@id":"https:\/\/calafellslide.com\/fr\/ou-sommes-nous\/#breadcrumb"},"inLanguage":"fr-FR","potentialAction":[{"@type":"ReadAction","target":["https:\/\/calafellslide.com\/fr\/ou-sommes-nous\/"]}]},{"@type":"ImageObject","inLanguage":"fr-FR","@id":"https:\/\/calafellslide.com\/fr\/ou-sommes-nous\/#primaryimage","url":"https:\/\/calafellslide.com\/wp-content\/uploads\/2024\/07\/CALAFELL-SLIDE-22_resize-scaled-e1720201988989.jpg","contentUrl":"https:\/\/calafellslide.com\/wp-content\/uploads\/2024\/07\/CALAFELL-SLIDE-22_resize-scaled-e1720201988989.jpg","width":800,"height":534,"caption":"Photo Calafell Slide"},{"@type":"BreadcrumbList","@id":"https:\/\/calafellslide.com\/fr\/ou-sommes-nous\/#breadcrumb","itemListElement":[{"@type":"ListItem","position":1,"name":"HOME","item":"https:\/\/calafellslide.com\/fr\/"},{"@type":"ListItem","position":2,"name":"O\u00f9 sommes-nous"}]},{"@type":"WebSite","@id":"https:\/\/calafellslide.com\/fr\/#website","url":"https:\/\/calafellslide.com\/fr\/","name":"Calafell Slide","description":"Parque de atracciones en Calafell (Tarragona)","publisher":{"@id":"https:\/\/calafellslide.com\/fr\/#organization"},"potentialAction":[{"@type":"SearchAction","target":{"@type":"EntryPoint","urlTemplate":"https:\/\/calafellslide.com\/fr\/?s={search_term_string}"},"query-input":{"@type":"PropertyValueSpecification","valueRequired":true,"valueName":"search_term_string"}}],"inLanguage":"fr-FR"},{"@type":"Organization","@id":"https:\/\/calafellslide.com\/fr\/#organization","name":"Calafell Slide","url":"https:\/\/calafellslide.com\/fr\/","logo":{"@type":"ImageObject","inLanguage":"fr-FR","@id":"https:\/\/calafellslide.com\/fr\/#\/schema\/logo\/image\/","url":"https:\/\/calafellslide.com\/wp-content\/uploads\/2022\/10\/logo-calafell-slide-200.jpg","contentUrl":"https:\/\/calafellslide.com\/wp-content\/uploads\/2022\/10\/logo-calafell-slide-200.jpg","width":200,"height":200,"caption":"Calafell Slide"},"image":{"@id":"https:\/\/calafellslide.com\/fr\/#\/schema\/logo\/image\/"},"sameAs":["https:\/\/www.facebook.com\/CalafellSlide\/","https:\/\/www.instagram.com\/CalafellSlide\/"]}]}},"_links":{"self":[{"href":"https:\/\/calafellslide.com\/fr\/wp-json\/wp\/v2\/pages\/2275","targetHints":{"allow":["GET"]}}],"collection":[{"href":"https:\/\/calafellslide.com\/fr\/wp-json\/wp\/v2\/pages"}],"about":[{"href":"https:\/\/calafellslide.com\/fr\/wp-json\/wp\/v2\/types\/page"}],"author":[{"embeddable":true,"href":"https:\/\/calafellslide.com\/fr\/wp-json\/wp\/v2\/users\/8"}],"replies":[{"embeddable":true,"href":"https:\/\/calafellslide.com\/fr\/wp-json\/wp\/v2\/comments?post=2275"}],"version-history":[{"count":16,"href":"https:\/\/calafellslide.com\/fr\/wp-json\/wp\/v2\/pages\/2275\/revisions"}],"predecessor-version":[{"id":8500,"href":"https:\/\/calafellslide.com\/fr\/wp-json\/wp\/v2\/pages\/2275\/revisions\/8500"}],"wp:featuredmedia":[{"embeddable":true,"href":"https:\/\/calafellslide.com\/fr\/wp-json\/wp\/v2\/media\/7679"}],"wp:attachment":[{"href":"https:\/\/calafellslide.com\/fr\/wp-json\/wp\/v2\/media?parent=2275"}],"curies":[{"name":"wp","href":"https:\/\/api.w.org\/{rel}","templated":true}]}}